{"id":1236,"date":"2020-10-28T16:15:45","date_gmt":"2020-10-28T14:15:45","guid":{"rendered":"https:\/\/artal-group.com\/artal\/?page_id=1236"},"modified":"2020-11-16T16:25:08","modified_gmt":"2020-11-16T14:25:08","slug":"1236-2","status":"publish","type":"page","link":"https:\/\/artal-group.com\/artal\/1236-2\/","title":{"rendered":""},"content":{"rendered":"<div id=\"pl-1236\" class=\"panel-layout\">\n<div id=\"pg-1236-0\" class=\"panel-grid panel-has-style\">\n<div style=\"padding: 100px 0\" data-overlay=\"true\" class=\"panel-row-style panel-row-style-for-1236-0\">\n<div id=\"pgc-1236-0-0\" class=\"panel-grid-cell\" data-weight=\"1\">\n<div id=\"panel-1236-0-0-0\" class=\"so-panel widget widget_sow-editor panel-first-child\" data-index=\"0\" data-style=\"{&quot;background_image_attachment&quot;:false,&quot;background_display&quot;:&quot;tile&quot;,&quot;content_alignment&quot;:&quot;left&quot;,&quot;title_color&quot;:&quot;#443f3f&quot;,&quot;headings_color&quot;:&quot;#443f3f&quot;}\">\n<div style=\"text-align: left\" data-title-color=\"#443f3f\" data-headings-color=\"#443f3f\" class=\"panel-widget-style panel-widget-style-for-1236-0-0-0\">\n<div class=\"so-widget-sow-editor so-widget-sow-editor-base\">\n<div class=\"siteorigin-widget-tinymce textwidget\">\n<p><strong>DONNEES PERSONNELLES<\/strong><br \/>\n<strong><br \/>\nDEFINITIONS<\/strong><\/p>\n<p>\u00ab <strong>Donn\u00e9es Personnelles<\/strong> \u00bb signifie toute information se rapportant \u00e0 une personne physique identifi\u00e9e ou identifiable. Pour les besoins de cette d\u00e9finition, une personne physique identifiable est une personne physique qui peut \u00eatre identifi\u00e9e, directement ou indirectement, notamment par r\u00e9f\u00e9rence \u00e0 un identifiant, tel qu&rsquo;un nom, un num\u00e9ro d&rsquo;identification, des donn\u00e9es de localisation, un identifiant en ligne, ou \u00e0 un ou plusieurs \u00e9l\u00e9ments sp\u00e9cifiques propres \u00e0 l\u2019identit\u00e9 physique, physiologique, g\u00e9n\u00e9tique, psychique, \u00e9conomique, culturelle ou sociale de cette personne physique.<\/p>\n<p>\u00ab <strong>L\u00e9gislation Applicable \u00e0 la Protection des Donn\u00e9es<\/strong> \u00bb signifie toute r\u00e9glementation relative \u00e0 la protection des donn\u00e9es pouvant s\u2019appliquer dans le contexte du Traitement de Donn\u00e9es Personnelles op\u00e9r\u00e9 et notamment :<\/p>\n<ul>\n<li>le R\u00e8glement (UE) 2016\/679 relatif \u00e0 la protection des personnes physiques \u00e0 l&rsquo;\u00e9gard du traitement des donn\u00e9es \u00e0 caract\u00e8re personnel et \u00e0 la libre circulation de ces donn\u00e9es (RGPD) modifi\u00e9<\/li>\n<li>La loi du 6 janvier 1978 dite \u00ab Informatique et libert\u00e9s \u00bb modifi\u00e9e<\/li>\n<\/ul>\n<p>\u00ab <strong>Responsable du Traitement<\/strong> \u00bb signifie la personne physique ou morale, l\u2019autorit\u00e9 publique, le service ou un autre organisme qui, seul ou conjointement avec d&rsquo;autres, d\u00e9termine les finalit\u00e9s et les moyens du Traitement de Donn\u00e9es Personnelles<\/p>\n<p>\u00ab <strong>Sous-traitant<\/strong> \u00bb signifie une entit\u00e9 juridique qui traite des donn\u00e9es \u00e0 caract\u00e8re personnel pour le compte du Responsable du Traitement.<\/p>\n<p>\u00ab <strong>Traitement<\/strong> \u00bb signifie toute op\u00e9ration ou ensemble d\u2019op\u00e9rations effectu\u00e9es ou non \u00e0 l&rsquo;aide de proc\u00e9d\u00e9s automatis\u00e9s et appliqu\u00e9es \u00e0 des Donn\u00e9es Personnelles ou \u00e0 des ensembles de Donn\u00e9es Personnelles, telles que la collecte, l&rsquo;enregistrement, l&rsquo;organisation, la structuration, la conservation, l&rsquo;adaptation ou la modification, l&rsquo;extraction, la consultation, l&rsquo;utilisation, la communication par transmission, la diffusion ou toute autre forme de mise \u00e0 disposition, le rapprochement ou l&rsquo;interconnexion, la limitation, l&rsquo;effacement ou la destruction.<\/p>\n<p>\u00ab <strong>Violation de Donn\u00e9es<\/strong> \u00bb signifie tout incident de s\u00e9curit\u00e9, d\u2019origine malveillante ou non et se produisant de mani\u00e8re intentionnelle ou non, ayant comme cons\u00e9quence de compromettre l\u2019int\u00e9grit\u00e9, la confidentialit\u00e9 ou la disponibilit\u00e9 de donn\u00e9es personnelles.<\/p>\n<p><strong>QUELLES SONT LES DONNEES PERSONNELLES RECUEILLIES PAR ARTAL TECHNOLOGIES SAS VIA SON SITE INTERNET ?<\/strong><\/p>\n<p>La navigation sur le site internet <a href=\"http:\/\/www.artal-group.com\">www.artal-group.com<\/a> entraine la collecte de Donn\u00e9es Personnelles relatives \u00e0 la navigation \u00e0 savoir web horodatage, adresse IP des usagers, donn\u00e9es techniques relatives \u00e0 l&rsquo;\u00e9quipement et au navigateur utilis\u00e9s par les usagers<\/p>\n<p>En dehors du Traitement mentionn\u00e9 ci-dessus, seules les Donn\u00e9es Personnelles que vous communiquez \u00e0 ARTAL TECHNOLOGIES SAS dans le cadre des rubriques relatives au recrutement et \u00e0 la demande d\u2019informations font l\u2019objet d\u2019un Traitement par ARTAL TECHNOLOGIES SAS.<\/p>\n<p><strong>QUELLES SONT LES MODALITES DES TRAITEMENTS DE DONNEES PERSONNELLES MIS EN \u0152UVRE ?<\/strong><\/p>\n<p>Les modalit\u00e9s (donn\u00e9es concern\u00e9es, finalit\u00e9s, base l\u00e9gale, dur\u00e9e de conservation\u2026) relatives \u00e0 chaque Traitement de Donn\u00e9es Personnelles (hors donn\u00e9es de connexion) sont sp\u00e9cifi\u00e9es sous chaque rubrique du site internet <a href=\"http:\/\/www.artal-group.com\">www.artal-group.com<\/a> n\u00e9cessitant la transmission de Donn\u00e9es Personnelles.<\/p>\n<p>De mani\u00e8re g\u00e9n\u00e9rale les Donn\u00e9es Personnelles collect\u00e9es via le site internet www.artal-group.com sont n\u00e9cessaires aux fins de :<\/p>\n<ul>\n<li>permettre \u00e0 ARTAL TECHNOLOGIES SAS de r\u00e9pondre \u00e0 vos messages\/demandes de renseignement<\/li>\n<li>traiter votre dossier de candidature<\/li>\n<li>l\u2019int\u00e9r\u00eat l\u00e9gitime d\u2019ARTAL TECHNOLOGIES SAS afin d\u2019assurer la s\u00e9curit\u00e9 du site <a href=\"http:\/\/www.artal-group.com\">www.artal-group.com<\/a><\/li>\n<\/ul>\n<p><strong>QUELLE EST LA BASE LEGALE DES TRAITEMENTS EFFECTUES ?<\/strong><\/p>\n<p>La base l\u00e9gale relative \u00e0 chaque Traitement de Donn\u00e9es Personnelles est sp\u00e9cifi\u00e9e sous chaque rubrique du site internet <a href=\"http:\/\/www.artal-group.com\">www.artal-group.com<\/a> n\u00e9cessitant la transmission de Donn\u00e9es Personnelles.<\/p>\n<p>De mani\u00e8re g\u00e9n\u00e9rale les Traitements de Donn\u00e9es Personnelles communiqu\u00e9es via le site internet <a href=\"http:\/\/www.artal-group.com\">www.artal-group.com<\/a> s&rsquo;appuient sur les bases l\u00e9gales suivantes :<\/p>\n<ul>\n<li>l\u2019int\u00e9r\u00eat l\u00e9gitime d\u2019ARTAL TECHNOLOGIES SAS, qui consiste en une communication et un \u00e9change d&rsquo;informations appropri\u00e9s entre vous et ARTAL TECHNOLOGIES SAS<\/li>\n<li>votre consentement, que vous pouvez retirer \u00e0 tout moment, sans affecter la lic\u00e9it\u00e9 des traitements fond\u00e9s sur ce consentement avant son retrait<\/li>\n<li>l\u2019int\u00e9r\u00eat l\u00e9gitime d\u2019ARTAL TECHNOLOGIES SAS afin d\u2019assurer la s\u00e9curit\u00e9 du site <a href=\"http:\/\/www.artal-group.com\">artal-group.com<\/a><\/li>\n<\/ul>\n<p><strong>PENDANT COMBIEN DE TEMPS MES DONNEES PERSONNELLES SONT ELLES CONSERVEES ?<\/strong><\/p>\n<p>La dur\u00e9e de conservation des Donn\u00e9es Personnelles est sp\u00e9cifique \u00e0 chaque Traitement.<\/p>\n<p>Par exemples :<\/p>\n<ul>\n<li>Dans le cadre de demande de renseignements via le formulaire de contact, vos Donn\u00e9es Personnelles seront conserv\u00e9es pour une dur\u00e9e maximale de 12 mois \u00e0 compter du dernier contact avec vous.<\/li>\n<li>Dans le cadre de l\u2019envoi de votre dossier de candidature spontan\u00e9e ou en r\u00e9ponse \u00e0 une offre d\u2019emploi vos Donn\u00e9es Personnelles seront conserv\u00e9es pour une dur\u00e9e maximale de 24 mois \u00e0 compter du dernier contact avec vous.<\/li>\n<li>Les donn\u00e9es de connexion sont conserv\u00e9es pendant une dur\u00e9e maximale d\u20191 an.<\/li>\n<\/ul>\n<p>De mani\u00e8re g\u00e9n\u00e9rale, vos Donn\u00e9es Personnelles ne seront gard\u00e9es que le temps n\u00e9cessaire \u00e0 la r\u00e9alisation de la finalit\u00e9 pour laquelle ces Donn\u00e9es Personnelles ont \u00e9t\u00e9 collect\u00e9es ou pour respecter les obligations l\u00e9gales d\u2019ARTAL TECHNOLOGIES SAS.<\/p>\n<p><strong>DANS QUEL(S) PAYS SONT TRAITEES MES DONNEES PERSONNELLES ?<\/strong><\/p>\n<p>Le site <a href=\"http:\/\/www.artal-group.com\">www.artal-group.com<\/a> est h\u00e9berg\u00e9 par OVH SAS soci\u00e9t\u00e9 de droit fran\u00e7ais, au capital de 10 174 560, dont le si\u00e8ge social est situ\u00e9 2 rue Kellermann 59100 Roubaix, et inscrite au RCS de Lille M\u00e9tropole au num\u00e9ro B 424 761&nbsp;419.<\/p>\n<p>Les Donn\u00e9es Personnelles transmises \u00e0 ARTAL TECHNOLOGIES SAS sont trait\u00e9es en France.<\/p>\n<p>Si vos Donn\u00e9es Personnelles venaient \u00e0 \u00eatre transf\u00e9r\u00e9es hors de l\u2019Union Europ\u00e9enne, vous en serez pr\u00e9cis\u00e9ment inform\u00e9, et des mesures organisationnelles et techniques permettant d\u2019assurer un niveau de protection ad\u00e9quat de vos Donn\u00e9es Personnelles seront prises pour encadrer ces transferts notamment par la mise en place de Clauses Contractuelles Types approuv\u00e9es par la Commission Europ\u00e9enne.<\/p>\n<p><strong>COMMENT SONT PROTEGEES MES DONNES PERSONNELLES ?<\/strong><\/p>\n<p>ARTAL TECHNOLOGIES SAS met en \u0153uvre toutes les mesures raisonnables en vertu des principes du respect de la vie priv\u00e9e d\u00e8s la conception (\u00ab privacy by design \u00bb) et de la protection de la vie priv\u00e9e par d\u00e9faut (\u00ab privacy by default \u00bb) aux fins de mettre en place les garanties n\u00e9cessaires et de s\u00e9curiser le Traitement des Donn\u00e9es Personnelles.<\/p>\n<p>ARTAL TECHNOLOGIES SAS met en \u0153uvre les mesures techniques et organisationnelles ad\u00e9quates pour prot\u00e9ger les Donn\u00e9es Personnelles contre toute modification ou perte accidentelle ou illicite ou contre toute utilisation, divulgation ou acc\u00e8s non autoris\u00e9. A cet effet, ARTAL TECHNOLOGIES SAS a notamment \u00e9labor\u00e9 une Politique de S\u00e9curit\u00e9 des Syst\u00e8mes d\u2019Information, une charte informatique ainsi que des dispositions et proc\u00e9dures internes en mati\u00e8re de Traitement des Donn\u00e9es Personnelles.<\/p>\n<p><strong>QUELS SONT MES DROITS ?<\/strong><\/p>\n<p>Conform\u00e9ment \u00e0 la L\u00e9gislation Applicable \u00e0 la Protection des Donn\u00e9es, vous disposez de droits sur les Donn\u00e9es Personnelles vous concernant, que vous pouvez exercer \u00e0 tout moment et gratuitement.<\/p>\n<p>Vous \u00eates autoris\u00e9s \u00e0 acc\u00e9der \u00e0 toutes vos Donn\u00e9es Personnelles, et dans certains cas les faire rectifier (donn\u00e9es inexactes, incompl\u00e8tes), supprimer, ou demander \u00e0 en limiter temporairement l\u2019utilisation, \u00e0 vous opposer de faire l\u2019objet d\u2019une d\u00e9cision individuelle automatis\u00e9e (y compris profilage). Vous disposez \u00e9galement le droit dans certains cas \u00e0 la portabilit\u00e9 des Donn\u00e9es Personnelles que vous avez fournies.<\/p>\n<p>Les demandes doivent \u00eatre adress\u00e9es au R\u00e9f\u00e9rent \u00e0 la Protection des Donn\u00e9es d\u2019ARTAL TECHNOLOGIES SAS: magelliumartalgroup.rgpd@magellium.fr<\/p>\n<p>Vous pouvez \u00e9galement introduire une r\u00e9clamation aupr\u00e8s de la CNIL (en ligne https:\/\/www.cnil.fr\/fr\/plaintes ou par courrier CNIL \u2013 service des plaintes \u2013 3 place de Fontenoy \u2013 TSA 80715 \u2013 75334 Paris cedex 07) ou toute autorit\u00e9 de protection des donn\u00e9es \u00e0 caract\u00e8re personnel concern\u00e9e.<\/p>\n<p><strong>QUI A ACCES A MES DONNEES&nbsp;PERSONNELLES ?<\/strong><\/p>\n<p>Les destinataires de vos Donn\u00e9es Personnelles sont principalement des salari\u00e9s habilit\u00e9s d\u2019ARTAL TECHNOLOGIES SAS bas\u00e9s en France et soumis \u00e0 une obligation de confidentialit\u00e9.<\/p>\n<p>Vos Donn\u00e9es Personnelles ont vocation \u00e0 \u00eatre utilis\u00e9es en interne au sein d\u2019ARTAL TECHNOLOGIES SAS. Tout salari\u00e9 d\u2019ARTAL TECHNOLOGIES SAS qui acc\u00e8de \u00e0 ces informations est inform\u00e9 de leur caract\u00e8re confidentiel.<\/p>\n<p>Si n\u00e9cessaire, vos Donn\u00e9es Personnelles pourront \u00e9galement \u00eatre partag\u00e9es avec les autres soci\u00e9t\u00e9s composant MAGELLIUM ARTAL GROUP&nbsp; \u00e0 savoir:<\/p>\n<ul>\n<li>FINANCES GESTION &amp; DEVELOPPEMENT&nbsp;SAS (R.C.S. TOULOUSE 528&nbsp;808&nbsp;561)<\/li>\n<li>ARTAL TECHNOLOGIES&nbsp;SAS (R.C.S. de TOULOUSE 419&nbsp;472&nbsp;493)<\/li>\n<li>MAGELLIUM SAS (R.C.S. TOULOUSE 450&nbsp;550&nbsp;991)<\/li>\n<li>ACT21 SARL (R.C.S TOULOUSE 497 716&nbsp;191)<\/li>\n<\/ul>\n<p>Dans certains cas, ARTAL TECHNOLOGIES SAS peut \u00eatre amen\u00e9e \u00e0 faire appel \u00e0 des fournisseurs et des partenaires externes avec lesquels ARTAL TECHNOLOGIES SAS peut partager des Donn\u00e9es Personnelles pour des finalit\u00e9s sp\u00e9cifiques qui vous sont indiqu\u00e9es au moment de la collecte de vos Donn\u00e9es Personnelles.<\/p>\n<p>ARTAL TECHNOLOGIES SAS accorde une vigilance particuli\u00e8re au choix de ses sous-traitants.<\/p>\n<p>ARTAL TECHNOLOGIES SAS met en \u0153uvre les moyens n\u00e9cessaires afin de s\u2019assurer que ses sous-traitants pr\u00e9sentent des garanties appropri\u00e9es pour assurer la s\u00e9curit\u00e9 et la confidentialit\u00e9 des Donn\u00e9es Personnelles.<\/p>\n<p><strong>QUI EST LE RESPONSABLE DE TRAITEMENT&nbsp;?<\/strong><\/p>\n<p>Le Responsable de Traitement est ARTAL TECHNOLOGIES SAS, Soci\u00e9t\u00e9 par Actions Simplifi\u00e9e, ayant son si\u00e8ge au 1 rue Ariane \u2013 31520 Ramonville Saint-Agne, immatricul\u00e9e au Registre du Commerce et des Soci\u00e9t\u00e9s de Toulouse sous le num\u00e9ro 419&nbsp;472 493.<strong>&nbsp;&nbsp; <\/strong><\/p>\n<p><strong>QUELLE EST LA POLITIQUE D\u2019ARTAL TECHNOLOGIES SAS EN MATIERE DE COOKIES ?<\/strong><\/p>\n<p>Le site internet <a href=\"http:\/\/www.artal-group.com\">www.artal-group.com<\/a> ne g\u00e9n\u00e8re pas de cookies ni ne fait usage de technologies qui remplissent des fonctions similaires \u00e0 celles des cookies, telles que les balises web.<\/p>\n<p><strong>COMMENT SONT PROTEGEES MES DONNES PERSONNELLES&nbsp;?<\/strong><\/p>\n<p>ARTAL TECHNOLOGIES SAS met en \u0153uvre toutes les mesures raisonnables en vertu des principes du respect de la vie priv\u00e9e d\u00e8s la conception (\u00ab privacy by design \u00bb) et de la protection de la vie priv\u00e9e par d\u00e9faut (\u00ab privacy by default \u00bb) aux fins de mettre en place les garanties n\u00e9cessaires et de s\u00e9curiser le Traitement des Donn\u00e9es Personnelles.<\/p>\n<p>ARTAL TECHNOLOGIES SAS met en \u0153uvre les mesures techniques et organisationnelles ad\u00e9quates pour prot\u00e9ger les Donn\u00e9es Personnelles contre toute modification ou perte accidentelle ou illicite ou contre toute utilisation, divulgation ou acc\u00e8s non autoris\u00e9. A cet effet, ARTAL TECHNOLOGIES SAS a notamment \u00e9labor\u00e9 une Politique de S\u00e9curit\u00e9 des Syst\u00e8mes d\u2019Information, une charte informatique ainsi que des dispositions et proc\u00e9dures internes en mati\u00e8re de Traitement des Donn\u00e9es Personnelles. &nbsp;<\/p>\n<p><strong><br \/>\nCOMMENT CONTACTER LE REFERENT A LA PROTECTION DES DONNEES D\u2019ARTAL TECHNOLOGIES SAS ?<\/strong><\/p>\n<p>Si vous avez des questions ou souhaitez des informations compl\u00e9mentaires au sujet des Traitements mis en \u0153uvre, vous pouvez contacter le R\u00e9f\u00e9rent \u00e0 la Protection des Donn\u00e9es d\u2019ARTAL TECHNOLOGIES SAS \u00e0 l\u2019adresse suivante : magelliumartalgroup.rgpd@magellium.fr.<\/p>\n<p><strong>MISES A JOUR<\/strong><\/p>\n<p>Les pr\u00e9sentes dispositions peuvent \u00eatre mise \u00e0 jour \u00e0 tout moment, ARTAL TECHNOLOGIES SAS vous invite \u00e0 les consulter r\u00e9guli\u00e8rement.<\/p>\n<p><strong>&nbsp;<\/strong><\/p>\n<p>&nbsp;<\/p>\n<\/div>\n<\/div>\n<\/div>\n<\/div>\n<div id=\"panel-1236-0-0-1\" class=\"so-panel widget widget_sow-button panel-last-child\" data-index=\"1\" data-style=\"{&quot;background_image_attachment&quot;:false,&quot;background_display&quot;:&quot;tile&quot;,&quot;content_alignment&quot;:&quot;left&quot;,&quot;title_color&quot;:&quot;#443f3f&quot;,&quot;headings_color&quot;:&quot;#443f3f&quot;}\">\n<div style=\"text-align: left\" data-title-color=\"#443f3f\" data-headings-color=\"#443f3f\" class=\"panel-widget-style panel-widget-style-for-1236-0-0-1\">[siteorigin_widget class=\u00a0\u00bbSiteOrigin_Widget_Button_Widget\u00a0\u00bb][\/siteorigin_widget]<\/div>\n<\/div>\n<\/div>\n<\/div>\n<\/div>\n<\/div>\n<p><\/p>","protected":false},"excerpt":{"rendered":"<p>DONNEES PERSONNELLES DEFINITIONS \u00ab Donn\u00e9es Personnelles \u00bb signifie toute information se rapportant \u00e0 une personne physique identifi\u00e9e ou identifiable. Pour les besoins [&hellip;]<\/p>\n","protected":false},"author":1,"featured_media":0,"parent":0,"menu_order":0,"comment_status":"closed","ping_status":"closed","template":"page-templates\/page_fullwidth.php","meta":{"ngg_post_thumbnail":0,"footnotes":""},"class_list":["post-1236","page","type-page","status-publish","hentry"],"yoast_head":"<!-- This site is optimized with the Yoast SEO plugin v26.7 - https:\/\/yoast.com\/wordpress\/plugins\/seo\/ -->\n<title>- Artal technologies<\/title>\n<meta name=\"robots\" content=\"index, follow, max-snippet:-1, max-image-preview:large, max-video-preview:-1\" \/>\n<link rel=\"canonical\" href=\"https:\/\/artal-group.com\/artal\/1236-2\/\" \/>\n<meta property=\"og:locale\" content=\"fr_FR\" \/>\n<meta property=\"og:type\" content=\"article\" \/>\n<meta property=\"og:title\" content=\"- Artal technologies\" \/>\n<meta property=\"og:description\" content=\"DONNEES PERSONNELLES DEFINITIONS \u00ab Donn\u00e9es Personnelles \u00bb signifie toute information se rapportant \u00e0 une personne physique identifi\u00e9e ou identifiable. Pour les besoins [&hellip;]\" \/>\n<meta property=\"og:url\" content=\"https:\/\/artal-group.com\/artal\/1236-2\/\" \/>\n<meta property=\"og:site_name\" content=\"Artal technologies\" \/>\n<meta property=\"article:modified_time\" content=\"2020-11-16T14:25:08+00:00\" \/>\n<meta name=\"twitter:card\" content=\"summary_large_image\" \/>\n<meta name=\"twitter:label1\" content=\"Dur\u00e9e de lecture estim\u00e9e\" \/>\n\t<meta name=\"twitter:data1\" content=\"9 minutes\" \/>\n<script type=\"application\/ld+json\" class=\"yoast-schema-graph\">{\"@context\":\"https:\/\/schema.org\",\"@graph\":[{\"@type\":\"WebPage\",\"@id\":\"https:\/\/artal-group.com\/artal\/1236-2\/\",\"url\":\"https:\/\/artal-group.com\/artal\/1236-2\/\",\"name\":\"- Artal technologies\",\"isPartOf\":{\"@id\":\"https:\/\/artal-group.com\/artal\/#website\"},\"datePublished\":\"2020-10-28T14:15:45+00:00\",\"dateModified\":\"2020-11-16T14:25:08+00:00\",\"inLanguage\":\"fr-FR\",\"potentialAction\":[{\"@type\":\"ReadAction\",\"target\":[\"https:\/\/artal-group.com\/artal\/1236-2\/\"]}]},{\"@type\":\"WebSite\",\"@id\":\"https:\/\/artal-group.com\/artal\/#website\",\"url\":\"https:\/\/artal-group.com\/artal\/\",\"name\":\"Artal technologies\",\"description\":\"There&#039;s a connection\",\"potentialAction\":[{\"@type\":\"SearchAction\",\"target\":{\"@type\":\"EntryPoint\",\"urlTemplate\":\"https:\/\/artal-group.com\/artal\/?s={search_term_string}\"},\"query-input\":{\"@type\":\"PropertyValueSpecification\",\"valueRequired\":true,\"valueName\":\"search_term_string\"}}],\"inLanguage\":\"fr-FR\"}]}<\/script>\n<!-- \/ Yoast SEO plugin. -->","yoast_head_json":{"title":"- Artal technologies","robots":{"index":"index","follow":"follow","max-snippet":"max-snippet:-1","max-image-preview":"max-image-preview:large","max-video-preview":"max-video-preview:-1"},"canonical":"https:\/\/artal-group.com\/artal\/1236-2\/","og_locale":"fr_FR","og_type":"article","og_title":"- Artal technologies","og_description":"DONNEES PERSONNELLES DEFINITIONS \u00ab Donn\u00e9es Personnelles \u00bb signifie toute information se rapportant \u00e0 une personne physique identifi\u00e9e ou identifiable. Pour les besoins [&hellip;]","og_url":"https:\/\/artal-group.com\/artal\/1236-2\/","og_site_name":"Artal technologies","article_modified_time":"2020-11-16T14:25:08+00:00","twitter_card":"summary_large_image","twitter_misc":{"Dur\u00e9e de lecture estim\u00e9e":"9 minutes"},"schema":{"@context":"https:\/\/schema.org","@graph":[{"@type":"WebPage","@id":"https:\/\/artal-group.com\/artal\/1236-2\/","url":"https:\/\/artal-group.com\/artal\/1236-2\/","name":"- Artal technologies","isPartOf":{"@id":"https:\/\/artal-group.com\/artal\/#website"},"datePublished":"2020-10-28T14:15:45+00:00","dateModified":"2020-11-16T14:25:08+00:00","inLanguage":"fr-FR","potentialAction":[{"@type":"ReadAction","target":["https:\/\/artal-group.com\/artal\/1236-2\/"]}]},{"@type":"WebSite","@id":"https:\/\/artal-group.com\/artal\/#website","url":"https:\/\/artal-group.com\/artal\/","name":"Artal technologies","description":"There&#039;s a connection","potentialAction":[{"@type":"SearchAction","target":{"@type":"EntryPoint","urlTemplate":"https:\/\/artal-group.com\/artal\/?s={search_term_string}"},"query-input":{"@type":"PropertyValueSpecification","valueRequired":true,"valueName":"search_term_string"}}],"inLanguage":"fr-FR"}]}},"_links":{"self":[{"href":"https:\/\/artal-group.com\/artal\/wp-json\/wp\/v2\/pages\/1236","targetHints":{"allow":["GET"]}}],"collection":[{"href":"https:\/\/artal-group.com\/artal\/wp-json\/wp\/v2\/pages"}],"about":[{"href":"https:\/\/artal-group.com\/artal\/wp-json\/wp\/v2\/types\/page"}],"author":[{"embeddable":true,"href":"https:\/\/artal-group.com\/artal\/wp-json\/wp\/v2\/users\/1"}],"replies":[{"embeddable":true,"href":"https:\/\/artal-group.com\/artal\/wp-json\/wp\/v2\/comments?post=1236"}],"version-history":[{"count":18,"href":"https:\/\/artal-group.com\/artal\/wp-json\/wp\/v2\/pages\/1236\/revisions"}],"predecessor-version":[{"id":1294,"href":"https:\/\/artal-group.com\/artal\/wp-json\/wp\/v2\/pages\/1236\/revisions\/1294"}],"wp:attachment":[{"href":"https:\/\/artal-group.com\/artal\/wp-json\/wp\/v2\/media?parent=1236"}],"curies":[{"name":"wp","href":"https:\/\/api.w.org\/{rel}","templated":true}]}}